{"id":6005,"date":"2018-08-28T17:34:41","date_gmt":"2018-08-28T17:34:41","guid":{"rendered":"https:\/\/www.talentmanager.pt\/?page_id=6005"},"modified":"2022-08-10T06:52:03","modified_gmt":"2022-08-10T06:52:03","slug":"team","status":"publish","type":"page","link":"https:\/\/www.talentmanager.pt\/en\/team\/","title":{"rendered":"Team"},"content":{"rendered":"<div class=\"wpb-content-wrapper\"><p>[vc_row][vc_column offset=&#8221;vc_col-lg-12 vc_hidden-lg vc_col-md-12 vc_hidden-md vc_hidden-sm vc_col-xs-12&#8243; el_class=&#8221;gallery_col&#8221; css=&#8221;.vc_custom_1536071601520{margin-bottom: 10% !important;}&#8221;]<div class=\"fancy_heading fancy_heading_line\"><div class=\"fh-top\"><\/div><h2 class=\"title\"><strong>MULTIDISCIPLINARY<\/strong> TEAM<\/h2><\/div>\n[vc_column_text css=&#8221;.vc_custom_1539607678404{margin-bottom: 45px !important;}&#8221;]<\/p>\n<p style=\"text-align: center;\">We are a multidisciplinary and international team.<br \/>\nEach one with a rich personal journey and long experience in their professional area.<\/p>\n<p>[\/vc_column_text][vc_column_text css=&#8221;.vc_custom_1578585251684{margin-top: -5% !important;}&#8221;]<a href=\"#cecilio_regojo\"><img decoding=\"async\" class=\"formador_thumb alignnone\" src=\"https:\/\/www.talentmanager.pt\/\/wp-content\/uploads\/CecilioRegojo.jpg\" alt=\"CecilioRegojo\" \/><\/a><a href=\"#chelo_fernandez\"><img decoding=\"async\" class=\"formador_thumb\" src=\"https:\/\/www.talentmanager.pt\/\/wp-content\/uploads\/CheloFernandez.jpg\" alt=\"CheloFernandez\" \/><\/a><a href=\"#eva_clemente\"><img decoding=\"async\" class=\"formador_thumb\" src=\"https:\/\/www.talentmanager.pt\/\/wp-content\/uploads\/EvaClemente.jpg\" alt=\"CheloFernandez\" \/><\/a><a href=\"#joana_regojo\"><img decoding=\"async\" class=\"formador_thumb\" src=\"https:\/\/www.talentmanager.pt\/\/wp-content\/uploads\/JoanaRegojo.jpg\" alt=\"JoanaRegojo\" \/><\/a><a href=\"#Vera_Boeing\"><img decoding=\"async\" class=\"formador_thumb\" src=\"https:\/\/www.talentmanager.pt\/\/wp-content\/uploads\/VeraBoeing.jpg\" alt=\"VeraBoeing\" \/><\/a><a href=\"#Maye_Arredeondo\"><img decoding=\"async\" class=\"formador_thumb\" src=\"https:\/\/www.talentmanager.pt\/\/wp-content\/uploads\/MayeArredondo.jpg\" alt=\"MayeArredondo\" \/><\/a><a href=\"#anette_raaby\"><img decoding=\"async\" class=\"formador_thumb\" src=\"https:\/\/www.talentmanager.pt\/\/wp-content\/uploads\/AnetteRaaby.jpg\" alt=\"AnetteRaaby\" \/><\/a><a href=\"#jimy_calderon\"><img decoding=\"async\" class=\"formador_thumb\" src=\"https:\/\/www.talentmanager.pt\/\/wp-content\/uploads\/JimyCalderon.jpg\" alt=\"JimyCalderon\" \/><\/a><a href=\"#goskel_karabayir\"><img decoding=\"async\" class=\"formador_thumb\" src=\"https:\/\/www.talentmanager.pt\/\/wp-content\/uploads\/GokselKarabayir.jpg\" alt=\"GokselKarabayir\" \/><\/a><a href=\"#gianeh_borges\"><img decoding=\"async\" class=\"formador_thumb alignnone\" src=\"https:\/\/www.talentmanager.pt\/\/wp-content\/uploads\/GianehBorges.jpg\" alt=\"GianehBorges\" \/><\/a><a href=\"#sujey_aleman\"><img decoding=\"async\" class=\"formador_thumb\" src=\"https:\/\/www.talentmanager.pt\/\/wp-content\/uploads\/SujeyAleman.jpg\" alt=\"SujeyAleman\" \/><\/a><a href=\"#alexandra_lemos\"><img decoding=\"async\" class=\"formador_thumb alignnone\" src=\"https:\/\/www.talentmanager.pt\/\/wp-content\/uploads\/AlexandraLemos.jpg\" alt=\"AlexandraLemos\" \/><\/a><a href=\"#Francisco_Carmona\"><img decoding=\"async\" class=\"formador_thumb\" src=\"https:\/\/www.talentmanager.pt\/\/wp-content\/uploads\/FranciscoCarmona.jpg\" alt=\"FranciscoCarmona\" \/><\/a><a href=\"#Patricio_Marilu\"><img decoding=\"async\" class=\"formador_thumb\" src=\"https:\/\/www.talentmanager.pt\/\/wp-content\/uploads\/PatricioAsenjoMariluKrebs.jpg\" alt=\"PatricioAsenjoMariluKrebs\" \/><\/a><a href=\"#silvana_ferreira\"><img decoding=\"async\" class=\"formador_thumb\" src=\"https:\/\/www.talentmanager.pt\/\/wp-content\/uploads\/SilvanaFerreira.jpg\" alt=\"SilvanaFerreira\" \/><\/a><a href=\"#pablo_barassi\"><img decoding=\"async\" class=\"formador_thumb\" src=\"https:\/\/www.talentmanager.pt\/\/wp-content\/uploads\/PabloBarassi.jpg\" alt=\"PabloBarassi\" \/><\/a><a href=\"#miren_arzak\"><img decoding=\"async\" class=\"formador_thumb\" src=\"https:\/\/www.talentmanager.pt\/\/wp-content\/uploads\/MirenArzak.jpg\" alt=\"MirenArzak\" \/><\/a><a href=\"#zahir_marrero\"><img decoding=\"async\" class=\"formador_thumb\" src=\"https:\/\/www.talentmanager.pt\/\/wp-content\/uploads\/ZhairMarrero.jpg\" alt=\"ZhairMarrero\" \/><\/a><a href=\"#lisbeth_yepez\"><img decoding=\"async\" class=\"formador_thumb\" src=\"https:\/\/www.talentmanager.pt\/\/wp-content\/uploads\/LisbethYepez.jpg\" alt=\"LisbethYepez\" \/><\/a><a href=\"#marianela_vallejo\"><img decoding=\"async\" class=\"formador_thumb\" src=\"https:\/\/www.talentmanager.pt\/\/wp-content\/uploads\/MarianelaVallejo.jpg\" alt=\"MarianelaVallejo\" \/><\/a><a href=\"#ana_schumacher\"><img decoding=\"async\" class=\"formador_thumb alignnone\" src=\"https:\/\/www.talentmanager.pt\/\/wp-content\/uploads\/AnaSchumacher.jpg\" alt=\"AnaSchumacher\" \/><\/a>[\/vc_column_text][\/vc_column][\/vc_row][vc_row css=&#8221;.vc_custom_1460960585276{margin-top: 2% !important;}&#8221;][vc_column offset=&#8221;vc_col-xs-12&#8243; el_class=&#8221;quien_somos&#8221;]<div class=\"fancy_heading fancy_heading_line\"><div class=\"fh-top\"><\/div><h2 class=\"title\"><strong>WHO<\/strong> WE ARE<\/h2><\/div>\n[\/vc_column][\/vc_row][vc_row css=&#8221;.vc_custom_1460960462089{margin-bottom: 5% !important;}&#8221;][vc_column width=&#8221;5\/6&#8243; offset=&#8221;vc_col-lg-offset-1 vc_col-lg-10 vc_col-md-offset-1 vc_col-md-10 vc_col-sm-offset-1 vc_col-xs-12&#8243; el_class=&#8221;description_page&#8221;][vc_column_text css=&#8221;.vc_custom_1539607571727{margin-bottom: 45px !important;}&#8221;]<\/p>\n<p style=\"text-align: center;\">We are a multidisciplinary and international team.<br \/>\nEach one with a rich personal journey and long experience in their professional area.<\/p>\n<p>[\/vc_column_text][\/vc_column][vc_column width=&#8221;5\/6&#8243; offset=&#8221;vc_col-lg-offset-1 vc_col-lg-10 vc_col-md-offset-1 vc_col-md-10 vc_col-sm-offset-1 vc_col-xs-12&#8243; el_class=&#8221;team_col&#8221;][vc_raw_html css=&#8221;.vc_custom_1457953879547{margin-bottom: 0px !important;}&#8221;]PGEgbmFtZT0iY2VjaWxpb19yZWdvam8iPjwvYT4=[\/vc_raw_html]<div class=\"team team_circle\"><div class=\"image_frame photo no_link scale-with-grid\"><div class=\"image_wrapper\"><img loading=\"lazy\" decoding=\"async\" class=\"scale-with-grid\" src=\"https:\/\/www.talentmanager.pt\/wp-content\/uploads\/CecilioRegojo.jpg\" alt=\"Cecilio Fern\u00e1ndez Regojo \u00a9 2016 Talent Manager (www.talentmanager.pt)\" width=\"175\" height=\"175\"\/><\/div><\/div><div class=\"desc_wrapper clearfix\"><h4 class=\"desc_wrappper_title \">CECILIO FERN\u00c1NDEZ REGOJO<\/h4><p class=\"subtitle\">MANAGING DIRECTOR<\/p><hr class=\"hr_color\" \/><div class=\"desc\"><br \/>\nWith more than 40 years of business experience, he has held several positions in companies from different sectors.\u00a0He\u00b4s a natural entrepreneur and has created companies in different areas.\u00a0Due his experience as Consultant and his enormous contact with companies in many countries, he has a broad vision of companies and organizations.<\/p>\n<p>Graduated in Industrial Engineering and has post-graduation in Business Management, among others.<br \/>\nCecilio is international Trainer of Organizational Constellations, mainly in Europe and Latin America &#8211; working in more than 30 countries &#8211; and has design training and university postgraduate courses in several countries. Participates actively in several Congresses as a guest speaker and catalyst.<\/p>\n<p>Extensive experience as Business and Systemic Consultant, has collaborated with many nationally and international companies.<\/p>\n<p>Master Trainer Certified by INFOSYON (International Forum for System Constellations in Organizations) and expert in Systemic Management methodology.<\/p>\n<p>His courses and consulting can be conducted fluently in 4 languages (Spanish, Portuguese, English and French).<\/p>\n<p><a href=\"&#x6d;a&#x69;l&#x74;&#111;&#x3a;&#116;r&#x61;i&#x6e;&#105;&#x6e;&#103;&#x40;&#116;a&#x6c;e&#x6e;&#116;&#x6d;&#97;&#x6e;&#x61;g&#x65;r&#x2e;&#112;&#x74;\" aria-label=\"button with icon\" class=\"icon_bar  icon_bar_small\" ><span class=\"t\"><i class=\"icon-mail-line\"><\/i><\/span><span class=\"b\"><i class=\"icon-mail-line\"><\/i><\/span><\/a>\n<a href=\"https:\/\/pt.linkedin.com\/in\/cecilioregojo\" aria-label=\"button with icon\" class=\"icon_bar  icon_bar_small\" target=\"_blank\"><span class=\"t\"><i class=\"icon-linkedin\"><\/i><\/span><span class=\"b\"><i class=\"icon-linkedin\"><\/i><\/span><\/a>\n<a href=\"http:\/\/talentmanager.pt\/\" aria-label=\"button with icon\" class=\"icon_bar  icon_bar_small\" target=\"_blank\"><span class=\"t\"><i class=\"icon-link\"><\/i><\/span><span class=\"b\"><i class=\"icon-link\"><\/i><\/span><\/a>\n<a href=\"https:\/\/www.facebook.com\/ceciliomanagement\" aria-label=\"button with icon\" class=\"icon_bar  icon_bar_small\" target=\"_blank\"><span class=\"t\"><i class=\"icon-facebook\"><\/i><\/span><span class=\"b\"><i class=\"icon-facebook\"><\/i><\/span><\/a>\n<\/div><\/div><\/div>\n[vc_raw_html css=&#8221;.vc_custom_1457953864847{margin-bottom: 0px !important;}&#8221;]PGEgbmFtZT0iY2hlbG9fZmVybmFuZGV6Ij48L2E+[\/vc_raw_html]<div class=\"team team_circle\"><div class=\"image_frame photo no_link scale-with-grid\"><div class=\"image_wrapper\"><img loading=\"lazy\" decoding=\"async\" class=\"scale-with-grid\" src=\"https:\/\/www.talentmanager.pt\/wp-content\/uploads\/CheloFernandez.jpg\" alt=\"Chelo Fern\u00e1ndez \u00a9 2016 Talent Manager (www.talentmanager.pt)\" width=\"175\" height=\"175\"\/><\/div><\/div><div class=\"desc_wrapper clearfix\"><h4 class=\"desc_wrappper_title \">CHELO FERN\u00c1NDEZ<\/h4><p class=\"subtitle\">DIRECTOR - TALENT MANAGER SPAIN<\/p><hr class=\"hr_color\" \/><div class=\"desc\"><br \/>\nHer career included more than 40 years of experience and different management positions in Commercial and Marketing area.\u00a0In her curriculum, there are companies such as: AMC Networks International Iberia, UNICEF, BRB International, Telemundi Spain (Expo Sevilla&#8217;92), among others of equal importance. Graduated in French Language and Literature from the University of Friborg (Switzerland), Master in Business Management and Marketing (ESSEM &#8211; Madrid) and in Clinical Psychology (Univ. Miguel Servet &#8211; Health Sciences).<\/p>\n<p>As Director of Talent Manager Spain, her activity focuses on the organization of training courses, presentation to companies, acquisition and moderation, design and implementation of communication in the Spanish market.<\/p>\n<p>She is also Director of CF Marketing, a company specialized in Marketing Services focused mainly on: Commercial Management and Consulting, Loyalty Programs, Event Organization, New Technologies of Communication and Marketing.<\/p>\n<p><a href=\"&#109;&#x61;&#105;&#x6c;&#116;&#x6f;:&#x63;h&#x65;l&#111;&#x40;&#116;&#x61;&#108;&#x65;&#110;&#x74;m&#x61;n&#x61;g&#101;&#x72;&#46;&#x65;&#115;\" aria-label=\"button with icon\" class=\"icon_bar  icon_bar_small\" ><span class=\"t\"><i class=\"icon-mail-line\"><\/i><\/span><span class=\"b\"><i class=\"icon-mail-line\"><\/i><\/span><\/a>\n<a href=\"https:\/\/www.linkedin.com\/in\/chelo-fern%C3%A1ndez-regojo-8b901620\/\" aria-label=\"button with icon\" class=\"icon_bar  icon_bar_small\" target=\"_blank\"><span class=\"t\"><i class=\"icon-linkedin\"><\/i><\/span><span class=\"b\"><i class=\"icon-linkedin\"><\/i><\/span><\/a>\n<a href=\"http:\/\/talentmanager.pt\/\" aria-label=\"button with icon\" class=\"icon_bar  icon_bar_small\" target=\"_blank\"><span class=\"t\"><i class=\"icon-link\"><\/i><\/span><span class=\"b\"><i class=\"icon-link\"><\/i><\/span><\/a>\n<\/div><\/div><\/div>\n[vc_raw_html css=&#8221;.vc_custom_1480603968896{margin-bottom: 0px !important;}&#8221;]PGEgbmFtZT0iZXZhX2NsZW1lbnRlIj48L2E+[\/vc_raw_html]<div class=\"team team_circle\"><div class=\"image_frame photo no_link scale-with-grid\"><div class=\"image_wrapper\"><img loading=\"lazy\" decoding=\"async\" class=\"scale-with-grid\" src=\"https:\/\/www.talentmanager.pt\/wp-content\/uploads\/EvaClemente.jpg\" alt=\"Eva Clemente S\u00e1nchez \u00a9 2016 Talent Manager (www.talentmanager.pt)\" width=\"175\" height=\"175\"\/><\/div><\/div><div class=\"desc_wrapper clearfix\"><h4 class=\"desc_wrappper_title \">EVA M\u00aa CLEMENTE S\u00c1NCHEZ<\/h4><p class=\"subtitle\">INTERNATIONAL TRAINER - TALENT MANAGER<\/p><hr class=\"hr_color\" \/><div class=\"desc\"><br \/>\nFounder and Director of Espacio de Crecimiento Sist\u00e9mico.<br \/>\n20 years of professional experience, 15 years in HR Management and Management.<br \/>\nFacilitator of workshops for personal, professional and educational growth.<\/p>\n<p>Lector in Masters &#8211; Management and Development of HR and in International Certifications of Systemic Management in Brazil, Costa Rica, Mexico, Portugal and Spain.<br \/>\nSystemic and emotional Consultant in the organizational, personal and educational environment.<\/p>\n<p>Trained in Family Constellations.\u00a0Certified in Systemic Coaching and Organizational Constellations.<br \/>\nMaster Practitioner in Integrative NLP and Ericksonian Hypnosis.<br \/>\nSpecialist in Emotional Intelligence and Leadership.<br \/>\nMaster in Management and Development of Human Resource.<\/p>\n<p><a href=\"mailto:e&#118;&#97;&#99;&#108;&#101;&#109;&#101;&#110;&#116;&#101;&#x40;&#x65;&#x6e;&#x65;&#x72;&#x67;&#x69;&#x61;&#x79;&#x73;&#x69;&#x73;&#x74;&#x65;&#x6d;ica&#46;com\" aria-label=\"button with icon\" class=\"icon_bar  icon_bar_small\" ><span class=\"t\"><i class=\"icon-mail-line\"><\/i><\/span><span class=\"b\"><i class=\"icon-mail-line\"><\/i><\/span><\/a>\n<a href=\"http:\/\/es.linkedin.com\/in\/evaclementesanchez\" aria-label=\"button with icon\" class=\"icon_bar  icon_bar_small\" target=\"_blank\"><span class=\"t\"><i class=\"icon-linkedin\"><\/i><\/span><span class=\"b\"><i class=\"icon-linkedin\"><\/i><\/span><\/a>\n<a href=\"http:\/\/i17454.wixsite.com\/energiaysistemica\" aria-label=\"button with icon\" class=\"icon_bar  icon_bar_small\" target=\"_blank\"><span class=\"t\"><i class=\"icon-link\"><\/i><\/span><span class=\"b\"><i class=\"icon-link\"><\/i><\/span><\/a>\n<a href=\"https:\/\/www.facebook.com\/consultoriasistemikaECS\" aria-label=\"button with icon\" class=\"icon_bar  icon_bar_small\" target=\"_blank\"><span class=\"t\"><i class=\"icon-facebook\"><\/i><\/span><span class=\"b\"><i class=\"icon-facebook\"><\/i><\/span><\/a>\n<\/div><\/div><\/div>\n[vc_raw_html css=&#8221;.vc_custom_1457953843950{margin-bottom: 0px !important;}&#8221;]PGEgbmFtZT0iam9hbmFfcmVnb2pvIj48L2E+[\/vc_raw_html]<div class=\"team team_circle\"><div class=\"image_frame photo no_link scale-with-grid\"><div class=\"image_wrapper\"><img loading=\"lazy\" decoding=\"async\" class=\"scale-with-grid\" src=\"https:\/\/www.talentmanager.pt\/wp-content\/uploads\/JoanaRegojo.jpg\" alt=\"Joana Regojo \u00a9 2016 Talent Manager (www.talentmanager.pt)\" width=\"175\" height=\"175\"\/><\/div><\/div><div class=\"desc_wrapper clearfix\"><h4 class=\"desc_wrappper_title \">JOANA CARDOSO DE MATOS FERN\u00c1NDEZ REGOJO<\/h4><p class=\"subtitle\">DESIGNER &amp; COMMUNICATION - TALENT MANAGER<\/p><hr class=\"hr_color\" \/><div class=\"desc\"><br \/>\nExperience in international environment with diverse companies, projects and collaborations.\u00a0She works in the areas of \u200b\u200bconceptual design, product and graphic, which allows her to have an extensive view of this domain.<br \/>\nGraduated in Design by ELISAVA University (Pompeu Fabra) &#8211; Barcelona.\u00a0During the last few years she completes his education with workshops and online courses.<br \/>\nCertified in Systemic Management and Organizational Constellations.<br \/>\nCertified in Trainer&#8217;s pedagogical competences.<br \/>\nProficient in Spanish, Portuguese, French and English.\u00a0Bases in Danish.<\/p>\n<p><a href=\"&#x6d;&#x61;&#x69;&#108;&#116;o:&#x6a;&#x6f;&#x61;&#110;&#97;re&#x67;&#x6f;&#x6a;&#111;&#64;ta&#x6c;&#x65;&#x6e;&#116;&#109;an&#x61;&#x67;&#x65;&#114;&#46;pt\" aria-label=\"button with icon\" class=\"icon_bar  icon_bar_small\" ><span class=\"t\"><i class=\"icon-mail-line\"><\/i><\/span><span class=\"b\"><i class=\"icon-mail-line\"><\/i><\/span><\/a>\n<a href=\"https:\/\/www.linkedin.com\/in\/joanaregojo\" aria-label=\"button with icon\" class=\"icon_bar  icon_bar_small\" target=\"_blank\"><span class=\"t\"><i class=\"icon-linkedin\"><\/i><\/span><span class=\"b\"><i class=\"icon-linkedin\"><\/i><\/span><\/a>\n<a href=\"http:\/\/www.joanaregojo.com\" aria-label=\"button with icon\" class=\"icon_bar  icon_bar_small\" target=\"_blank\"><span class=\"t\"><i class=\"icon-link\"><\/i><\/span><span class=\"b\"><i class=\"icon-link\"><\/i><\/span><\/a>\n<\/div><\/div><\/div>\n[\/vc_column][\/vc_row][vc_row][vc_column offset=&#8221;vc_col-lg-12 vc_col-md-12 vc_col-xs-12&#8243;]<div class=\"fancy_heading fancy_heading_line\"><div class=\"fh-top\"><\/div><h2 class=\"title\"><strong>INTERNATIONAL<\/strong> TRAINERS<\/h2><\/div>\n[\/vc_column][\/vc_row][vc_row content_placement=&#8221;top&#8221; css=&#8221;.vc_custom_1460960544905{margin-bottom: 10% !important;}&#8221;][vc_column width=&#8221;1\/3&#8243; offset=&#8221;vc_col-lg-4 vc_col-md-6 vc_col-xs-12&#8243; el_class=&#8221;formador_col&#8221;][vc_raw_html css=&#8221;.vc_custom_1467209634042{margin-bottom: 0px !important;}&#8221;]PGEgbmFtZT0idmVyYV9ib2VpbmciPjwvYT4=[\/vc_raw_html]<div class=\"team team_circle\"><div class=\"image_frame photo no_link scale-with-grid\"><div class=\"image_wrapper\"><img loading=\"lazy\" decoding=\"async\" class=\"scale-with-grid\" src=\"https:\/\/www.talentmanager.pt\/wp-content\/uploads\/VeraBoeing.jpg\" alt=\"Vera Boeing\" width=\"175\" height=\"175\"\/><\/div><\/div><div class=\"desc_wrapper clearfix\"><h4 class=\"desc_wrappper_title \">VERA BOEING<\/h4><p class=\"subtitle\">FAMILY CONSTELLATIONS<\/p><hr class=\"hr_color\" \/><div class=\"desc\"><span style=\"color: #999999; padding-bottom: 10px;\"><strong><i class=\"icon-location-line\" style=\"\" aria-hidden=\"true\"><\/i> BRAZIL<\/strong><\/span><\/p>\n<div class=\"more\">Master&#8217;s degree from the International University of Lisbon in Psychosomatics;\u00a0Psychologist graduated by PUCPR;<br \/>\nSpecialist in Occupational and Health Psychology, and in Family and Organizational Constellations through Systemic Phenomenological approach with\u00a0national and international training.<br \/>\nNational and international trainer in Neurolinguistics and Coaching.\u00a0Coordinator and teacher of the training course and Postgraduate in Systemic Solutions: Family and Organizational Constellations and Relations management with NLP and Coaching.<br \/>\nDirector of Vera Boeing Desenvolvimento de Pessoas Ltda. She\u00a0has more than 30 years of experience in clinical area, development of people and Coaching.<\/div>\n<p><a href=\"http:\/\/veraboeing.com.br\/\" aria-label=\"button with icon\" class=\"icon_bar  icon_bar_small\" target=\"_blank\"><span class=\"t\"><i class=\"icon-link\"><\/i><\/span><span class=\"b\"><i class=\"icon-link\"><\/i><\/span><\/a>\n<a href=\"https:\/\/www.facebook.com\/veraboeingdesenvolvimentodepessoas\" aria-label=\"button with icon\" class=\"icon_bar  icon_bar_small\" target=\"_blank\"><span class=\"t\"><i class=\"icon-facebook\"><\/i><\/span><span class=\"b\"><i class=\"icon-facebook\"><\/i><\/span><\/a>\n<a href=\"https:\/\/www.youtube.com\/channel\/UC3mlO3oqArxlEgC97n9Rszg\" aria-label=\"button with icon\" class=\"icon_bar  icon_bar_small\" target=\"_blank\"><span class=\"t\"><i class=\"icon-youtube\"><\/i><\/span><span class=\"b\"><i class=\"icon-youtube\"><\/i><\/span><\/a>\n<\/div><\/div><\/div>\n[\/vc_column][vc_column width=&#8221;1\/3&#8243; offset=&#8221;vc_col-lg-4 vc_col-md-6 vc_col-xs-12&#8243; el_class=&#8221;formador_col&#8221;][vc_raw_html css=&#8221;.vc_custom_1457942305374{margin-bottom: 0px !important;}&#8221;]PGEgbmFtZT0ibWF5ZV9hcnJlZG9uZG8iPjwvYT4=[\/vc_raw_html]<div class=\"team team_circle\"><div class=\"image_frame photo no_link scale-with-grid\"><div class=\"image_wrapper\"><img loading=\"lazy\" decoding=\"async\" class=\"scale-with-grid\" src=\"https:\/\/www.talentmanager.pt\/wp-content\/uploads\/MayeArredondo.jpg\" alt=\"May\u00e9 Arredondo\" width=\"175\" height=\"175\"\/><\/div><\/div><div class=\"desc_wrapper clearfix\"><h4 class=\"desc_wrappper_title \">MARIA MARTHA ARREDONDO M\u00c9NDEZ (MAY\u00c9)<\/h4><p class=\"subtitle\">FAMILY CONSTELLATIONS &amp; BODY AWARENESS<\/p><hr class=\"hr_color\" \/><div class=\"desc\"><span style=\"color: #999999; padding-bottom: 10px;\"><strong><i class=\"icon-location-line\" style=\"\" aria-hidden=\"true\"><\/i> MEXICO<\/strong><\/span><\/p>\n<div class=\"more\">Graduated in Journalism and Collective Communication and has a Master degree in Human Development and Systemic Pedagogy.\u00a0 Specialized in Gestalt Psychotherapy, Neurolinguistics Programming, Eriksonian Hypnosis, Per l of Emotional Development (EDP) and Dance \u00b4&amp; Movement.\u00a0Therapist in Core Energetics, postgraduate in matter and trained in personal process of Sexual Grounding in Mexico. Certified in Systemic Management and Organizational Constellations.\u00a0Enneagram and Systemic Coaching.<br \/>\nIn 1996, she started with Family Constellations under the approach of Bert Hellinger.\u00a0Founder and director of Corpo Alma Terapeutika, based in Guadalajara, Jalisco, Mexico.\u00a0She holds various workshops in Mexico, Spain, Portugal, Colombia, Venezuela, Uruguay and Argentina.<\/div>\n<p><a href=\"http:\/\/www.corpoalma.org\/\" aria-label=\"button with icon\" class=\"icon_bar  icon_bar_small\" target=\"_blank\"><span class=\"t\"><i class=\"icon-link\"><\/i><\/span><span class=\"b\"><i class=\"icon-link\"><\/i><\/span><\/a>\n<a href=\"https:\/\/www.facebook.com\/corpoalmaterapeutika\" aria-label=\"button with icon\" class=\"icon_bar  icon_bar_small\" target=\"_blank\"><span class=\"t\"><i class=\"icon-facebook\"><\/i><\/span><span class=\"b\"><i class=\"icon-facebook\"><\/i><\/span><\/a>\n<\/div><\/div><\/div>\n[\/vc_column][vc_column width=&#8221;1\/3&#8243; el_class=&#8221;formador_col&#8221; offset=&#8221;vc_col-lg-4 vc_col-md-6 vc_col-xs-12&#8243;][vc_raw_html css=&#8221;.vc_custom_1524125655685{margin-bottom: 0px !important;}&#8221;]PGEgbmFtZT0iYW5ldHRlX3JhYWJ5Ij48L2E+[\/vc_raw_html]<div class=\"team team_circle\"><div class=\"image_frame photo no_link scale-with-grid\"><div class=\"image_wrapper\"><img loading=\"lazy\" decoding=\"async\" class=\"scale-with-grid\" src=\"https:\/\/www.talentmanager.pt\/wp-content\/uploads\/AnetteRaaby.jpg\" alt=\"Anette Raaby\" width=\"164\" height=\"164\"\/><\/div><\/div><div class=\"desc_wrapper clearfix\"><h4 class=\"desc_wrappper_title \">ANETTE RAABY<\/h4><p class=\"subtitle\">SYSTEMIC CONSTELLATIONS<\/p><hr class=\"hr_color\" \/><div class=\"desc\"><span style=\"color: #999999; padding-bottom: 10px;\"><strong><i class=\"icon-location-line\" style=\"\" aria-hidden=\"true\"><\/i> DENMARK<\/strong><\/span><\/p>\n<div class=\"more\">Master in &#8216;Systemic Work and Constellations in Organizations&#8217; from Hellinger Institute (The Netherlands), and basic education in organizational structure at ISFO, Copenhagen.<br \/>\nAnette Raaby has an extensive experience (20 years) with process management, coaching, organizational development, supervision, stress and conflict management.<br \/>\nShe has previously worked as Chief Consultant, Executive Secretary, Head of Unit with Personnel Responsibility, Process Consultant and Teacher. Certified in several person profile analyzes.<\/div>\n<p><a href=\"http:\/\/kongruens.dk\" aria-label=\"button with icon\" class=\"icon_bar  icon_bar_small\" target=\"_blank\"><span class=\"t\"><i class=\"icon-link\"><\/i><\/span><span class=\"b\"><i class=\"icon-link\"><\/i><\/span><\/a>\n<a href=\"https:\/\/www.linkedin.com\/in\/anetteraaby\" aria-label=\"button with icon\" class=\"icon_bar  icon_bar_small\" target=\"_blank\"><span class=\"t\"><i class=\"icon-linkedin\"><\/i><\/span><span class=\"b\"><i class=\"icon-linkedin\"><\/i><\/span><\/a>\n<a href=\"https:\/\/www.facebook.com\/kongruensApS\" aria-label=\"button with icon\" class=\"icon_bar  icon_bar_small\" target=\"_blank\"><span class=\"t\"><i class=\"icon-facebook\"><\/i><\/span><span class=\"b\"><i class=\"icon-facebook\"><\/i><\/span><\/a>\n<\/div><\/div><\/div>\n[\/vc_column][vc_column width=&#8221;1\/3&#8243; el_class=&#8221;formador_col&#8221; offset=&#8221;vc_col-lg-4 vc_col-md-6 vc_col-xs-12&#8243;][vc_raw_html css=&#8221;.vc_custom_1578583957472{margin-bottom: 0px !important;}&#8221;]PGEgbmFtZT0iamlteV9jYWxkZXJvbiI+PC9hPg==[\/vc_raw_html]<div class=\"team team_circle\"><div class=\"image_frame photo no_link scale-with-grid\"><div class=\"image_wrapper\"><img loading=\"lazy\" decoding=\"async\" class=\"scale-with-grid\" src=\"https:\/\/www.talentmanager.pt\/wp-content\/uploads\/JimyCalderon.jpg\" alt=\"Jimy Calder\u00f3n\" width=\"164\" height=\"164\"\/><\/div><\/div><div class=\"desc_wrapper clearfix\"><h4 class=\"desc_wrappper_title \">JIMY CALDER\u00d3N<\/h4><p class=\"subtitle\">CONSTELACIONES ORGANIZACIONALES<\/p><hr class=\"hr_color\" \/><div class=\"desc\"><span style=\"color: #999999; padding-bottom: 10px;\"><strong><i class=\"icon-location-line\" style=\"\" aria-hidden=\"true\"><\/i> PERU<\/strong><\/span><\/p>\n<div class=\"more\">Master trainer in Organizational Constellations certified by INFOSYON (Germany). Psychology (UNMSM), with specialization in Educational Management.<br \/>\nHe held training course in South and Central America. And was invited to held workshop in international congresses of Constellations: IOCTI 2016 (Uruguay), IOCTI 2017 (Costa Rica), IOCTI 2018 (Slovenia).<br \/>\nCurrently, consulting partner and manager of the Educational Unit at Upgrade Business Partners.<\/div>\n<p><a href=\"http:\/\/nexa.pe\" aria-label=\"button with icon\" class=\"icon_bar  icon_bar_small\" target=\"_blank\"><span class=\"t\"><i class=\"icon-link\"><\/i><\/span><span class=\"b\"><i class=\"icon-link\"><\/i><\/span><\/a>\n<a href=\"https:\/\/www.linkedin.com\/in\/jimycalderon\" aria-label=\"button with icon\" class=\"icon_bar  icon_bar_small\" target=\"_blank\"><span class=\"t\"><i class=\"icon-linkedin\"><\/i><\/span><span class=\"b\"><i class=\"icon-linkedin\"><\/i><\/span><\/a>\n<a href=\"https:\/\/www.facebook.com\/jimyconsultor\" aria-label=\"button with icon\" class=\"icon_bar  icon_bar_small\" target=\"_blank\"><span class=\"t\"><i class=\"icon-facebook\"><\/i><\/span><span class=\"b\"><i class=\"icon-facebook\"><\/i><\/span><\/a>\n<\/div><\/div><\/div>\n[\/vc_column][vc_column width=&#8221;1\/3&#8243; offset=&#8221;vc_col-lg-4 vc_col-md-6 vc_col-xs-12&#8243; el_class=&#8221;formador_col&#8221;][vc_raw_html css=&#8221;.vc_custom_1457942328218{margin-bottom: 0px !important;}&#8221;]PGEgbmFtZT0iZ29za2VsX2thcmFiYXlpciI+PC9hPg==[\/vc_raw_html]<div class=\"team team_circle\"><div class=\"image_frame photo no_link scale-with-grid\"><div class=\"image_wrapper\"><img loading=\"lazy\" decoding=\"async\" class=\"scale-with-grid\" src=\"https:\/\/www.talentmanager.pt\/wp-content\/uploads\/GokselKarabayir.jpg\" alt=\"G\u00f6ksel Karabayir\" width=\"175\" height=\"175\"\/><\/div><\/div><div class=\"desc_wrapper clearfix\"><h4 class=\"desc_wrappper_title \">G\u00d6KSEL KARABAYIR<\/h4><p class=\"subtitle\">SYSTEMIC CONSTELLATIONS<\/p><hr class=\"hr_color\" \/><div class=\"desc\"><span style=\"color: #999999; padding-bottom: 10px;\"><strong><i class=\"icon-location-line\" style=\"\" aria-hidden=\"true\"><\/i> TURKEY<\/strong><\/span><\/p>\n<div class=\"more\">Konstelasyon Danismanlik (International Constellations Consulting and Training Center).<br \/>\nOrganizational and family Constellator since 2002. Facilitator and trainer in 3 different places in Turkey.<br \/>\nEditor of books\u00a0by Bert Hellinger, Prof.Dr.Franz Ruppert and Vivian Broughton in Turkish.<br \/>\nOrganizer of International Training Programs given by Prof.Dr.Franz Ruppert, Vivian Broughton, Cecilio Fern\u00e1ndez Regojo, Jan Jacob Stam and Jane Peterson.<\/div>\n<p><a href=\"https:\/\/www.facebook.com\/konstelasyon.page\" aria-label=\"button with icon\" class=\"icon_bar  icon_bar_small\" target=\"_blank\"><span class=\"t\"><i class=\"icon-facebook\"><\/i><\/span><span class=\"b\"><i class=\"icon-facebook\"><\/i><\/span><\/a>\n<\/div><\/div><\/div>\n[\/vc_column][vc_column width=&#8221;1\/3&#8243; el_class=&#8221;formador_col&#8221; offset=&#8221;vc_col-lg-4 vc_col-md-6 vc_col-xs-12&#8243;][vc_raw_html css=&#8221;.vc_custom_1498480346927{margin-bottom: 0px !important;}&#8221;]PGEgbmFtZT0iZ2lhbmVoX2JvcmdlcyI+PC9hPg==[\/vc_raw_html]<div class=\"team team_circle\"><div class=\"image_frame photo no_link scale-with-grid\"><div class=\"image_wrapper\"><img loading=\"lazy\" decoding=\"async\" class=\"scale-with-grid\" src=\"https:\/\/www.talentmanager.pt\/wp-content\/uploads\/GianehBorges.jpg\" alt=\"Giant Borges\" width=\"164\" height=\"164\"\/><\/div><\/div><div class=\"desc_wrapper clearfix\"><h4 class=\"desc_wrappper_title \">GIANEH BORGES<\/h4><p class=\"subtitle\">FAMILY CONSTELLATIONS<\/p><hr class=\"hr_color\" \/><div class=\"desc\"><span style=\"color: #999999; padding-bottom: 10px;\"><strong><i class=\"icon-location-line\" style=\"\" aria-hidden=\"true\"><\/i> BRAZIL<\/strong><\/span><\/p>\n<div class=\"more\">Training in Ericksonian Hypnosis (ACT Institute, USA), Focusing-Oriented Therapy and Complex Trauma &#8211; FOTCT (ACT Institute, USA), Focusing (ACT Institute, EUA), on Organizational Constellations and Systemic Coaching &#8211; Infosyon (International Forum for System Constellations in Organizations, Germany).\u00a0International specialization in Systemic Pedagogy, (ISPAB, Germany), New Constellations by Brigitte Champetier de Ribes &#8211; Institute of Family Constellations \/ Insconsfa &#8211; Spain.\u00a0Teacher and Coordinator of the extension courses in Family Constellations, Systemic Law, Structural Constellations and Post-Degree in Systemic Education at Faculdade Cat\u00f3lica SEDAC\/MT.\u00a0President of OCA Institute in Cuiab\u00e1 \/ Mato Grosso, Brazil.<\/div>\n<p><a href=\"https:\/\/www.institutooca.com.br\/site\/\" aria-label=\"button with icon\" class=\"icon_bar  icon_bar_small\" target=\"_blank\"><span class=\"t\"><i class=\"icon-link\"><\/i><\/span><span class=\"b\"><i class=\"icon-link\"><\/i><\/span><\/a>\n<a href=\"https:\/\/www.facebook.com\/InstitutoOca\/\" aria-label=\"button with icon\" class=\"icon_bar  icon_bar_small\" target=\"_blank\"><span class=\"t\"><i class=\"icon-facebook\"><\/i><\/span><span class=\"b\"><i class=\"icon-facebook\"><\/i><\/span><\/a>\n<\/div><\/div><\/div>\n[\/vc_column][vc_column width=&#8221;1\/3&#8243; offset=&#8221;vc_col-lg-4 vc_col-md-6 vc_col-xs-12&#8243; el_class=&#8221;formador_col&#8221;][vc_raw_html css=&#8221;.vc_custom_1457942301154{margin-bottom: 0px !important;}&#8221;]PGEgbmFtZT0ic3VqZXlfYWxlbWFuIj48L2E+[\/vc_raw_html]<div class=\"team team_circle\"><div class=\"image_frame photo no_link scale-with-grid\"><div class=\"image_wrapper\"><img loading=\"lazy\" decoding=\"async\" class=\"scale-with-grid\" src=\"https:\/\/www.talentmanager.pt\/wp-content\/uploads\/SujeyAleman.jpg\" alt=\"Sujey Alem\u00e1n\" width=\"175\" height=\"175\"\/><\/div><\/div><div class=\"desc_wrapper clearfix\"><h4 class=\"desc_wrappper_title \">SUJEY ALEM\u00c1N<\/h4><p class=\"subtitle\">FAMILY CONSTELLATIONS<\/p><hr class=\"hr_color\" \/><div class=\"desc\"><span style=\"color: #999999; padding-bottom: 10px;\"><strong><i class=\"icon-location-line\" style=\"\" aria-hidden=\"true\"><\/i> MEXICO<\/strong><\/span><\/p>\n<div class=\"more\">Psychologist by Universidad Aut\u00f3noma Metropolitana, expert in Family Constellations for groups and individuals.<br \/>\nRebirth Therapy and Trauma Management.<br \/>\nCertified by Hellinger Sciencia.<br \/>\nDirector of Constelaciones M\u00e9xico, Instituto de Soluciones Sist\u00e9micas.\u00a0Member of ISCA (International Association of Systemic Constellations).<br \/>\nShe holds courses, workshops and training for Family Constellation Therapists in Mexico, Spain and Italy.<\/div>\n<p><a href=\"http:\/\/www.constelacionesmexico.com\/\" aria-label=\"button with icon\" class=\"icon_bar  icon_bar_small\" target=\"_blank\"><span class=\"t\"><i class=\"icon-link\"><\/i><\/span><span class=\"b\"><i class=\"icon-link\"><\/i><\/span><\/a>\n<a href=\"https:\/\/www.facebook.com\/mexicosistemico\" aria-label=\"button with icon\" class=\"icon_bar  icon_bar_small\" target=\"_blank\"><span class=\"t\"><i class=\"icon-facebook\"><\/i><\/span><span class=\"b\"><i class=\"icon-facebook\"><\/i><\/span><\/a>\n<a href=\"https:\/\/twitter.com\/mexicosistemico\" aria-label=\"button with icon\" class=\"icon_bar  icon_bar_small\" target=\"_blank\"><span class=\"t\"><i class=\"icon-twitter\"><\/i><\/span><span class=\"b\"><i class=\"icon-twitter\"><\/i><\/span><\/a>\n<a href=\"https:\/\/www.youtube.com\/user\/MexicoSistemico\" aria-label=\"button with icon\" class=\"icon_bar  icon_bar_small\" target=\"_blank\"><span class=\"t\"><i class=\"icon-youtube\"><\/i><\/span><span class=\"b\"><i class=\"icon-youtube\"><\/i><\/span><\/a>\n<\/div><\/div><\/div>\n[\/vc_column][vc_column width=&#8221;1\/3&#8243; el_class=&#8221;formador_col&#8221; offset=&#8221;vc_col-lg-4 vc_col-md-6 vc_col-xs-12&#8243;][vc_raw_html css=&#8221;.vc_custom_1491206231713{margin-bottom: 0px !important;}&#8221;]PGEgbmFtZT0iYWxleGFuZHJhX2xlbW9zIj48L2E+[\/vc_raw_html]<div class=\"team team_circle\"><div class=\"image_frame photo no_link scale-with-grid\"><div class=\"image_wrapper\"><img loading=\"lazy\" decoding=\"async\" class=\"scale-with-grid\" src=\"https:\/\/www.talentmanager.pt\/wp-content\/uploads\/AlexandraLemos.jpg\" alt=\"Alexandra Lemos\" width=\"175\" height=\"175\"\/><\/div><\/div><div class=\"desc_wrapper clearfix\"><h4 class=\"desc_wrappper_title \">ALEXANDRA LEMOS<\/h4><p class=\"subtitle\">DEVELOPMENT COACHING<\/p><hr class=\"hr_color\" \/><div class=\"desc\"><span style=\"color: #999999; padding-bottom: 10px;\"><strong><i class=\"icon-location-line\" style=\"\" aria-hidden=\"true\"><\/i> PORTUGAL<\/strong><\/span><\/p>\n<div class=\"more\">Chemical Engineering (IST) and Postgraduate in Business Studies (FEP). Specialization in Entrepreneurship (Porto Business School). Entrepreneur and Founder of Premium Coaching.\u00a0Director Board of Directors of ICC worldwide &#8211; International Coaching\u00a0Community (70 countries).\u00a0ICC Coach Trainer of ICC for Portugal.\u00a0Executive &amp; Team Coach.\u00a0Lecturer and motivational speaker.<br \/>\nMore than 20 years of experience in companies and has more than 100 videos published about coaching, leadership and personal development.\u00a0Certified in Systemic Management and Organizational Constellations. Trained in Deep Coaching &#8211; Jungian Psychology, Practitioner in NLP, DiSC Trainer.\u00a0Teacher of Coaching in Executive MBA &#8211; HR Management in several universities.<\/div>\n<p><a href=\"http:\/\/www.premiumcoaching.pt\" aria-label=\"button with icon\" class=\"icon_bar  icon_bar_small\" target=\"_blank\"><span class=\"t\"><i class=\"icon-link\"><\/i><\/span><span class=\"b\"><i class=\"icon-link\"><\/i><\/span><\/a>\n<a href=\"https:\/\/www.facebook.com\/Premium-Coaching-by-Alexandra-Lemos-1032615200130351\" aria-label=\"button with icon\" class=\"icon_bar  icon_bar_small\" target=\"_blank\"><span class=\"t\"><i class=\"icon-facebook\"><\/i><\/span><span class=\"b\"><i class=\"icon-facebook\"><\/i><\/span><\/a>\n<\/p>\n<p><\/div><\/div><\/div>\n[\/vc_column][vc_column width=&#8221;1\/3&#8243; el_class=&#8221;formador_col&#8221; offset=&#8221;vc_col-lg-4 vc_col-md-6 vc_col-xs-12&#8243;][vc_raw_html css=&#8221;.vc_custom_1483980283144{margin-bottom: 0px !important;}&#8221;]PGEgbmFtZT0iZnJhbmNpc2NvX2Nhcm1vbmEiPjwvYT4=[\/vc_raw_html]<div class=\"team team_circle\"><div class=\"image_frame photo no_link scale-with-grid\"><div class=\"image_wrapper\"><img loading=\"lazy\" decoding=\"async\" class=\"scale-with-grid\" src=\"https:\/\/www.talentmanager.pt\/wp-content\/uploads\/FranciscoCarmona.jpg\" alt=\"Francisco Carmona\" width=\"175\" height=\"175\"\/><\/div><\/div><div class=\"desc_wrapper clearfix\"><h4 class=\"desc_wrappper_title \">FRANCISCO CARMONA<\/h4><p class=\"subtitle\">SYSTEMIC CONSTELLATIONS<\/p><hr class=\"hr_color\" \/><div class=\"desc\"><span style=\"color: #999999; padding-bottom: 10px;\"><strong><i class=\"icon-location-line\" style=\"\" aria-hidden=\"true\"><\/i> COLOMBIA<\/strong><\/span><\/p>\n<div class=\"more\">Psychologist.\u00a0 Master in Theology.<br \/>\nBachelor of Philosophy.<br \/>\nFamily Constellator, certified by Sowelu- M\u00e9xico.<br \/>\nOrganizational Constellator, certified by Talent Manager.\u00a0Certificates in trauma work in Family\u00a0Constellations by Constellations Mexico.<\/div>\n<p><a href=\"https:\/\/twitter.com\/AnankeCS\" aria-label=\"button with icon\" class=\"icon_bar \" target=\"_blank\"><span class=\"t\"><i class=\"icon-twitter\"><\/i><\/span><span class=\"b\"><i class=\"icon-twitter\"><\/i><\/span><\/a>\n<a href=\"https:\/\/www.youtube.com\/channel\/UC0yKqQUXRDs6vNU5yHCxRSg\" aria-label=\"button with icon\" class=\"icon_bar \" target=\"_blank\"><span class=\"t\"><i class=\"icon-youtube\"><\/i><\/span><span class=\"b\"><i class=\"icon-youtube\"><\/i><\/span><\/a>\n<br \/>\n<\/div><\/div><\/div>\n[\/vc_column][vc_column width=&#8221;1\/3&#8243; offset=&#8221;vc_col-lg-4 vc_col-md-6 vc_col-xs-12&#8243; el_class=&#8221;formador_col&#8221;][vc_raw_html css=&#8221;.vc_custom_1457942295197{margin-bottom: 0px !important;}&#8221;]PGEgbmFtZT0icGF0cmljaW9fbWFyaWx1Ij48L2E+[\/vc_raw_html]<div class=\"team team_circle\"><div class=\"image_frame photo no_link scale-with-grid\"><div class=\"image_wrapper\"><img loading=\"lazy\" decoding=\"async\" class=\"scale-with-grid\" src=\"https:\/\/www.talentmanager.pt\/wp-content\/uploads\/PatricioAsenjoMariluKrebs.jpg\" alt=\"Patricio Asenjo &amp; Maril\u00fa Krebs\" width=\"175\" height=\"175\"\/><\/div><\/div><div class=\"desc_wrapper clearfix\"><h4 class=\"desc_wrappper_title \">PATRICIO ASENJO &amp; MARIL\u00da KREBS<\/h4><p class=\"subtitle\">FAMILY CONSTELLATIONS &amp; BODY AWARENESS<\/p><hr class=\"hr_color\" \/><div class=\"desc\"><span style=\"color: #999999; padding-bottom: 10px;\"><strong><i class=\"icon-location-line\" style=\"\" aria-hidden=\"true\"><\/i> CHILE<\/strong><\/span><\/p>\n<div class=\"more\">Psychologist and Social Worker.<br \/>\nTrained in Family Constellations by Hellinger Argentina Center and completed the Hellinger Science training.<br \/>\nThey have participated in workshops with Bert Hellinger in Argentina and Chile and attended the\u00a0Training of Trainers\u00a0course\u00a0with Tiiu Bolzmann at the Latin American Center for Family Constellations in Buenos Aires, Argentina and the Training for Trainers Course in Organizational Constellations with Jan Jacob Stam of the Hellinger Center of Holland in Costa Rica.\u00a0They conduct Family Constellation trainings in Chile (Santiago, Puerto Varas and Iquique) and in Bolivia (La Paz).<\/div>\n<p><a href=\"http:\/\/www.constelacionesfamiliares.cl\/\" aria-label=\"button with icon\" class=\"icon_bar  icon_bar_small\" target=\"_blank\"><span class=\"t\"><i class=\"icon-link\"><\/i><\/span><span class=\"b\"><i class=\"icon-link\"><\/i><\/span><\/a>\n<a href=\"https:\/\/www.linkedin.com\/in\/icalma-constelaciones-97778b95\" aria-label=\"button with icon\" class=\"icon_bar  icon_bar_small\" target=\"_blank\"><span class=\"t\"><i class=\"icon-linkedin\"><\/i><\/span><span class=\"b\"><i class=\"icon-linkedin\"><\/i><\/span><\/a>\n<a href=\"https:\/\/twitter.com\/cf_icalma\" aria-label=\"button with icon\" class=\"icon_bar  icon_bar_small\" target=\"_blank\"><span class=\"t\"><i class=\"icon-twitter\"><\/i><\/span><span class=\"b\"><i class=\"icon-twitter\"><\/i><\/span><\/a>\n<\/div><\/div><\/div>\n[\/vc_column][vc_column width=&#8221;1\/3&#8243; offset=&#8221;vc_col-lg-4 vc_col-md-6 vc_col-xs-12&#8243; el_class=&#8221;formador_col&#8221;][vc_raw_html css=&#8221;.vc_custom_1457942267334{margin-bottom: 0px !important;}&#8221;]PGEgbmFtZT0ic2lsdmFuYV9mZXJyZWlyYSI+PC9hPg==[\/vc_raw_html]<div class=\"team team_circle\"><div class=\"image_frame photo no_link scale-with-grid\"><div class=\"image_wrapper\"><img loading=\"lazy\" decoding=\"async\" class=\"scale-with-grid\" src=\"https:\/\/www.talentmanager.pt\/wp-content\/uploads\/SilvanaFerreira.jpg\" alt=\"Silvana Ferreira\" width=\"175\" height=\"175\"\/><\/div><\/div><div class=\"desc_wrapper clearfix\"><h4 class=\"desc_wrappper_title \">SILVANA FERREIRA<\/h4><p class=\"subtitle\">FAMILY CONSTELLATIONS<\/p><hr class=\"hr_color\" \/><div class=\"desc\"><span style=\"color: #999999; padding-bottom: 10px;\"><strong><i class=\"icon-location-line\" style=\"\" aria-hidden=\"true\"><\/i> PORTUGAL<\/strong><\/span><\/p>\n<div class=\"more\">Degree in Clinical Psychology from the Faculty of Philosophy, Sciences and Letters of S\u00e3o Paulo and certified by the University of Minho.<br \/>\nCertified in Family Constellations and formed in Deep Memory Process.<\/div>\n<p><a href=\"http:\/\/www.silvanaferreira.pt\" aria-label=\"button with icon\" class=\"icon_bar  icon_bar_small\" target=\"_blank\"><span class=\"t\"><i class=\"icon-link\"><\/i><\/span><span class=\"b\"><i class=\"icon-link\"><\/i><\/span><\/a>\n<a href=\"https:\/\/www.facebook.com\/pages\/Constela%C3%A7%C3%B5es-Sist%C3%A9micas-Silvana-Ferreira\/178182955566174?sk\" aria-label=\"button with icon\" class=\"icon_bar  icon_bar_small\" target=\"_blank\"><span class=\"t\"><i class=\"icon-facebook\"><\/i><\/span><span class=\"b\"><i class=\"icon-facebook\"><\/i><\/span><\/a>\n<br \/>\n<\/div><\/div><\/div>\n[\/vc_column][vc_column width=&#8221;1\/3&#8243; offset=&#8221;vc_col-lg-4 vc_col-md-6 vc_col-xs-12&#8243; el_class=&#8221;formador_col&#8221;][vc_raw_html css=&#8221;.vc_custom_1457942281384{margin-bottom: 0px !important;}&#8221;]PGEgbmFtZT0icGFibG9fYmFyYXNzaSI+PC9hPg==[\/vc_raw_html]<div class=\"team team_circle\"><div class=\"image_frame photo no_link scale-with-grid\"><div class=\"image_wrapper\"><img loading=\"lazy\" decoding=\"async\" class=\"scale-with-grid\" src=\"https:\/\/www.talentmanager.pt\/wp-content\/uploads\/PabloBarassi.jpg\" alt=\"Pablo Barassi\" width=\"175\" height=\"175\"\/><\/div><\/div><div class=\"desc_wrapper clearfix\"><h4 class=\"desc_wrappper_title \">PABLO M. BARASSI<\/h4><p class=\"subtitle\">ORGANIZATIONAL DEVELOPMENT<\/p><hr class=\"hr_color\" \/><div class=\"desc\"><span style=\"color: #999999; padding-bottom: 10px;\"><strong><i class=\"icon-location-line\" style=\"\" aria-hidden=\"true\"><\/i> ARGENTINA<\/strong><\/span><\/p>\n<div class=\"more\">Managing Partner of Integrar Recursos Humano.<br \/>\nDegree in Psychology USAL.\u00a0Postgraduate in IAE&#8217;s Executive Development Program and has a Master Degree in Strategic Intelligence (UNLP \/ ENI).<br \/>\nSpecialist in the Managing Change in Complex Organizations Program (MIT), and in the Program for Cross Cultural Management (AOTS &#8211; Japan).\u00a0Expert in Organizational Change, Human Resources Management and Management Development with more than 20 years of experience in multinational companies.<br \/>\nUniversity lecturer, co-founder and lecturer of the Leadership Development Center Leadership Diploma (CDL &#8211; ITBA).<br \/>\nCollaborates in the direction and cabinet of teacher training of the Center of Logosophical Studies of Belgrano, conjoint of the Logosophical Foundation,\u00a0in favor of Human Excellence.<\/div>\n<p><a href=\"https:\/\/www.linkedin.com\/pub\/pablo-barassi\/3a\/b54\/b81?trk=pub-pbmap\" aria-label=\"button with icon\" class=\"icon_bar  icon_bar_small\" target=\"_blank\"><span class=\"t\"><i class=\"icon-linkedin\"><\/i><\/span><span class=\"b\"><i class=\"icon-linkedin\"><\/i><\/span><\/a>\n<a href=\"http:\/\/www.integrar-rrhh.com\/\" aria-label=\"button with icon\" class=\"icon_bar  icon_bar_small\" target=\"_blank\"><span class=\"t\"><i class=\"icon-link\"><\/i><\/span><span class=\"b\"><i class=\"icon-link\"><\/i><\/span><\/a>\n<a href=\"https:\/\/es-la.facebook.com\/IntegrarRRHH\" aria-label=\"button with icon\" class=\"icon_bar  icon_bar_small\" target=\"_blank\"><span class=\"t\"><i class=\"icon-facebook\"><\/i><\/span><span class=\"b\"><i class=\"icon-facebook\"><\/i><\/span><\/a>\n<a href=\"https:\/\/twitter.com\/IntegrarAm\" aria-label=\"button with icon\" class=\"icon_bar  icon_bar_small\" target=\"_blank\"><span class=\"t\"><i class=\"icon-twitter\"><\/i><\/span><span class=\"b\"><i class=\"icon-twitter\"><\/i><\/span><\/a>\n<\/div><\/div><\/div>\n[\/vc_column][vc_column width=&#8221;1\/3&#8243; offset=&#8221;vc_col-lg-4 vc_col-md-6 vc_col-xs-12&#8243; el_class=&#8221;formador_col&#8221;][vc_raw_html css=&#8221;.vc_custom_1457942271460{margin-bottom: 0px !important;}&#8221;]PGEgbmFtZT0ibWlyZW5fYXJ6YWsiPjwvYT4=[\/vc_raw_html]<div class=\"team team_circle\"><div class=\"image_frame photo no_link scale-with-grid\"><div class=\"image_wrapper\"><img loading=\"lazy\" decoding=\"async\" class=\"scale-with-grid\" src=\"https:\/\/www.talentmanager.pt\/wp-content\/uploads\/MirenArzak.jpg\" alt=\"Miren Arzak\" width=\"175\" height=\"175\"\/><\/div><\/div><div class=\"desc_wrapper clearfix\"><h4 class=\"desc_wrappper_title \">MIREN ARZAK VESGA<\/h4><p class=\"subtitle\">BODY AWARENESS<\/p><hr class=\"hr_color\" \/><div class=\"desc\"><span style=\"color: #999999; padding-bottom: 10px;\"><strong><i class=\"icon-location-line\" style=\"\" aria-hidden=\"true\"><\/i> SPAIN<\/strong><\/span><\/p>\n<div class=\"more\">Physiotherapist by University of Valencia.\u00a0Specialized in Osteopathy (French Schools of Lyon and Aix-en-Provence).<br \/>\nOver 20 years of experience, her work is based on the treatment of the person and his body incorporating the Systemic approach and Family Constellations.\u00a0Author of the book \u201c\u00bfD\u00f3nde retengo mi vida? La Osteopat\u00eda y la mirada sist\u00e9mica con o enfoque de Bert Hellinger\u201d. She holds courses and workshops in Spain, Mexico and other countries in Latin America.<\/div>\n<p><a href=\"http:\/\/www.mirenarzakosteopatia.com\/\" aria-label=\"button with icon\" class=\"icon_bar  icon_bar_small\" target=\"_blank\"><span class=\"t\"><i class=\"icon-link\"><\/i><\/span><span class=\"b\"><i class=\"icon-link\"><\/i><\/span><\/a>\n<br \/>\n<\/div><\/div><\/div>\n[\/vc_column][vc_column width=&#8221;1\/3&#8243; offset=&#8221;vc_col-lg-4 vc_col-md-6 vc_col-xs-12&#8243; el_class=&#8221;formador_col&#8221;][vc_raw_html css=&#8221;.vc_custom_1457942309870{margin-bottom: 0px !important;}&#8221;]PGEgbmFtZT0iemFoaXJfbWFycmVybyI+PC9hPg==[\/vc_raw_html]<div class=\"team team_circle\"><div class=\"image_frame photo no_link scale-with-grid\"><div class=\"image_wrapper\"><img loading=\"lazy\" decoding=\"async\" class=\"scale-with-grid\" src=\"https:\/\/www.talentmanager.pt\/wp-content\/uploads\/ZhairMarrero.jpg\" alt=\"Zahir Marrero\" width=\"175\" height=\"175\"\/><\/div><\/div><div class=\"desc_wrapper clearfix\"><h4 class=\"desc_wrappper_title \">ZAHIR MARRERO<\/h4><p class=\"subtitle\">FAMILY CONSTELLATIONS<\/p><hr class=\"hr_color\" \/><div class=\"desc\"><span style=\"color: #999999; padding-bottom: 10px;\"><strong><i class=\"icon-location-line\" style=\"\" aria-hidden=\"true\"><\/i> VENEZUELA<\/strong><\/span><\/p>\n<div class=\"more\">Teacher, Educational Mediator, Practitioner, Master Trainer in NLP.\u00a0Therapist in Family Constellations according Hellinger Sciencia.<br \/>\nPrekop Containment Therapist.\u00a0Master in Systemic Pedagogy by Cudec.<br \/>\nProducer of educational events in Venezuela.<\/div>\n<p><\/div><\/div><\/div>\n[\/vc_column][vc_column width=&#8221;1\/3&#8243; offset=&#8221;vc_col-lg-4 vc_col-md-6 vc_col-xs-12&#8243; el_class=&#8221;formador_col&#8221;][vc_raw_html css=&#8221;.vc_custom_1484732272440{margin-bottom: 0px !important;}&#8221;]PGEgbmFtZT0ibGlzYmV0aF95ZXBleiI+PC9hPg==[\/vc_raw_html]<div class=\"team team_circle\"><div class=\"image_frame photo no_link scale-with-grid\"><div class=\"image_wrapper\"><img loading=\"lazy\" decoding=\"async\" class=\"scale-with-grid\" src=\"https:\/\/www.talentmanager.pt\/wp-content\/uploads\/LisbethYepez.jpg\" alt=\"Lisbeth Y\u00e9pez\" width=\"175\" height=\"175\"\/><\/div><\/div><div class=\"desc_wrapper clearfix\"><h4 class=\"desc_wrappper_title \">LIZBETH Y\u00c9PEZ<\/h4><p class=\"subtitle\">BODY AWARENESS<\/p><hr class=\"hr_color\" \/><div class=\"desc\"><span style=\"color: #999999; padding-bottom: 10px;\"><strong><i class=\"icon-location-line\" style=\"\" aria-hidden=\"true\"><\/i> VENEZUELA<\/strong><\/span><\/p>\n<div class=\"more\">Body Therapist, Craniosacral Balancing Practitioner and Practitioner in NLP.<br \/>\nTherapist in Family Constellations according to the Hellinger Sciencia.<br \/>\nContainment Therapist according to Jirina Prekop.<br \/>\nMaster&#8217;s Degree in Systemic Pedagogy &#8211; Cudec.<br \/>\nIndividual and group Facilitator.<\/div>\n<p><\/div><\/div><\/div>\n[\/vc_column][vc_column width=&#8221;1\/3&#8243; offset=&#8221;vc_col-lg-4 vc_col-md-6 vc_col-xs-12&#8243; el_class=&#8221;formador_col&#8221;][vc_raw_html css=&#8221;.vc_custom_1457942318189{margin-bottom: 0px !important;}&#8221;]PGEgbmFtZT0ibWFyaWFuZWxhX3ZhbGxlam8iPjwvYT4=[\/vc_raw_html]<div class=\"team team_circle\"><div class=\"image_frame photo no_link scale-with-grid\"><div class=\"image_wrapper\"><img loading=\"lazy\" decoding=\"async\" class=\"scale-with-grid\" src=\"https:\/\/www.talentmanager.pt\/wp-content\/uploads\/MarianelaVallejo.jpg\" alt=\"Marianela Vallejo\" width=\"175\" height=\"175\"\/><\/div><\/div><div class=\"desc_wrapper clearfix\"><h4 class=\"desc_wrappper_title \">MARIANELA VALLEJO<\/h4><p class=\"subtitle\">FAMILY CONSTELLATIONS<\/p><hr class=\"hr_color\" \/><div class=\"desc\"><span style=\"color: #999999; padding-bottom: 10px;\"><strong><i class=\"icon-location-line\" style=\"\" aria-hidden=\"true\"><\/i> COLOMBIA<\/strong><\/span><\/p>\n<div class=\"more\">Psychologist by Javeriana University and Doctorate &#8211; ULB of Brussels.\u00a0Attachment-based Psychoanalyst &#8211; couple, family and groups.<br \/>\nFamily Constellator and Systemic Pedagogy.<br \/>\nPioneer in Family Constellations in Colombia.<br \/>\nInternational Certified\u00a0by Hellinger Sciencia and International Didactic.<br \/>\nAuthor of the book: \u201cCONSTELACIONES FAMILIARES \u2013 Para Liberar la Energ\u00eda del Amor de la Vida\u201d.<\/div>\n<p><a href=\"https:\/\/www.facebook.com\/fundacionmarianela\/\" aria-label=\"button with icon\" class=\"icon_bar  icon_bar_small\" target=\"_blank\"><span class=\"t\"><i class=\"icon-facebook\"><\/i><\/span><span class=\"b\"><i class=\"icon-facebook\"><\/i><\/span><\/a>\n<a href=\"https:\/\/twitter.com\/FundacMarianela\" aria-label=\"button with icon\" class=\"icon_bar  icon_bar_small\" target=\"_blank\"><span class=\"t\"><i class=\"icon-twitter\"><\/i><\/span><span class=\"b\"><i class=\"icon-twitter\"><\/i><\/span><\/a>\n<\/div><\/div><\/div>\n[\/vc_column][vc_column width=&#8221;1\/3&#8243; offset=&#8221;vc_col-lg-4 vc_col-md-6 vc_col-xs-12&#8243; el_class=&#8221;formador_col&#8221;][vc_raw_html css=&#8221;.vc_custom_1457942324337{margin-bottom: 0px !important;}&#8221;]PGEgbmFtZT0iYW5hX3NjaHVtYWNoZXIiPjwvYT4=[\/vc_raw_html]<div class=\"team team_circle\"><div class=\"image_frame photo no_link scale-with-grid\"><div class=\"image_wrapper\"><img loading=\"lazy\" decoding=\"async\" class=\"scale-with-grid\" src=\"https:\/\/www.talentmanager.pt\/wp-content\/uploads\/AnaSchumacher.jpg\" alt=\"Ana Schumacher\" width=\"175\" height=\"175\"\/><\/div><\/div><div class=\"desc_wrapper clearfix\"><h4 class=\"desc_wrappper_title \">ANA DE SCHUMACHER<\/h4><p class=\"subtitle\">BODY AWARENESS<\/p><hr class=\"hr_color\" \/><div class=\"desc\"><span style=\"color: #999999; padding-bottom: 10px;\"><strong><i class=\"icon-location-line\" style=\"\" aria-hidden=\"true\"><\/i> COLOMBIA<\/strong><\/span><\/p>\n<div class=\"more\">Therapy and Education through the Expressive Arts at Tamalpa Institute California.<br \/>\nPsychotherapist in Core Evolution trained in New York and California.\u00a0Representative of Core Evolution in Colombia.<br \/>\nTeacher and Body Therapist in individual sessions\u00a0of couples and groups.<\/div>\n<p><\/div><\/div><\/div>\n[\/vc_column][\/vc_row]<\/p>\n<\/div>","protected":false},"excerpt":{"rendered":"<p>[vc_row][vc_column offset=&#8221;vc_col-lg-12 vc_hidden-lg vc_col-md-12 vc_hidden-md vc_hidden-sm vc_col-xs-12&#8243; el_class=&#8221;gallery_col&#8221; css=&#8221;.vc_custom_1536071601520{margin-bottom: 10% !important;}&#8221;][vc_column_text css=&#8221;.vc_custom_1539607678404{margin-bottom: 45px !important;}&#8221;] We are a multidisciplinary and international team. Each one with a rich<span class=\"excerpt-hellip\"> [\u2026]<\/span><\/p>\n","protected":false},"author":1,"featured_media":0,"parent":0,"menu_order":2,"comment_status":"closed","ping_status":"closed","template":"","meta":{"footnotes":""},"class_list":["post-6005","page","type-page","status-publish","hentry"],"yoast_head":"<!-- This site is optimized with the Yoast SEO plugin v27.1.1 - https:\/\/yoast.com\/product\/yoast-seo-wordpress\/ -->\n<title>International Team &#8226; Talent Manager | Systemic Management<\/title>\n<meta name=\"description\" content=\"We have a network of experienced and international trainers, with the aim to offer comprehensive and quality training.\" \/>\n<meta name=\"robots\" content=\"index, follow, max-snippet:-1, max-image-preview:large, max-video-preview:-1\" \/>\n<link rel=\"canonical\" href=\"https:\/\/www.talentmanager.pt\/en\/team\/\" \/>\n<meta property=\"og:locale\" content=\"en_US\" \/>\n<meta property=\"og:type\" content=\"article\" \/>\n<meta property=\"og:title\" content=\"International Team &#8226; Talent Manager | Systemic Management\" \/>\n<meta property=\"og:description\" content=\"We have a network of experienced and international trainers, with the aim to offer comprehensive and quality training.\" \/>\n<meta property=\"og:url\" content=\"https:\/\/www.talentmanager.pt\/en\/team\/\" \/>\n<meta property=\"og:site_name\" content=\"Talent Manager | Systemic Management\" \/>\n<meta property=\"article:publisher\" content=\"https:\/\/www.facebook.com\/ceciliomanagement\" \/>\n<meta property=\"article:modified_time\" content=\"2022-08-10T06:52:03+00:00\" \/>\n<meta property=\"og:image\" content=\"https:\/\/www.talentmanager.pt\/\/wp-content\/uploads\/CecilioRegojo.jpg\" \/>\n<meta name=\"twitter:card\" content=\"summary_large_image\" \/>\n<meta name=\"twitter:label1\" content=\"Est. reading time\" \/>\n\t<meta name=\"twitter:data1\" content=\"15 minutes\" \/>\n<script type=\"application\/ld+json\" class=\"yoast-schema-graph\">{\"@context\":\"https:\/\/schema.org\",\"@graph\":[{\"@type\":\"WebPage\",\"@id\":\"https:\/\/www.talentmanager.pt\/en\/team\/\",\"url\":\"https:\/\/www.talentmanager.pt\/en\/team\/\",\"name\":\"International Team &#8226; Talent Manager | Systemic Management\",\"isPartOf\":{\"@id\":\"https:\/\/www.talentmanager.pt\/en\/#website\"},\"primaryImageOfPage\":{\"@id\":\"https:\/\/www.talentmanager.pt\/en\/team\/#primaryimage\"},\"image\":{\"@id\":\"https:\/\/www.talentmanager.pt\/en\/team\/#primaryimage\"},\"thumbnailUrl\":\"https:\/\/www.talentmanager.pt\/\/wp-content\/uploads\/CecilioRegojo.jpg\",\"datePublished\":\"2018-08-28T17:34:41+00:00\",\"dateModified\":\"2022-08-10T06:52:03+00:00\",\"description\":\"We have a network of experienced and international trainers, with the aim to offer comprehensive and quality training.\",\"breadcrumb\":{\"@id\":\"https:\/\/www.talentmanager.pt\/en\/team\/#breadcrumb\"},\"inLanguage\":\"en-US\",\"potentialAction\":[{\"@type\":\"ReadAction\",\"target\":[\"https:\/\/www.talentmanager.pt\/en\/team\/\"]}]},{\"@type\":\"ImageObject\",\"inLanguage\":\"en-US\",\"@id\":\"https:\/\/www.talentmanager.pt\/en\/team\/#primaryimage\",\"url\":\"https:\/\/www.talentmanager.pt\/\/wp-content\/uploads\/CecilioRegojo.jpg\",\"contentUrl\":\"https:\/\/www.talentmanager.pt\/\/wp-content\/uploads\/CecilioRegojo.jpg\"},{\"@type\":\"BreadcrumbList\",\"@id\":\"https:\/\/www.talentmanager.pt\/en\/team\/#breadcrumb\",\"itemListElement\":[{\"@type\":\"ListItem\",\"position\":1,\"name\":\"Home\",\"item\":\"https:\/\/www.talentmanager.pt\/en\/\"},{\"@type\":\"ListItem\",\"position\":2,\"name\":\"Team\"}]},{\"@type\":\"WebSite\",\"@id\":\"https:\/\/www.talentmanager.pt\/en\/#website\",\"url\":\"https:\/\/www.talentmanager.pt\/en\/\",\"name\":\"Talent Manager | Systemic Management\",\"description\":\"Systemic Management | Organizational Constellations\",\"publisher\":{\"@id\":\"https:\/\/www.talentmanager.pt\/en\/#organization\"},\"potentialAction\":[{\"@type\":\"SearchAction\",\"target\":{\"@type\":\"EntryPoint\",\"urlTemplate\":\"https:\/\/www.talentmanager.pt\/en\/?s={search_term_string}\"},\"query-input\":{\"@type\":\"PropertyValueSpecification\",\"valueRequired\":true,\"valueName\":\"search_term_string\"}}],\"inLanguage\":\"en-US\"},{\"@type\":\"Organization\",\"@id\":\"https:\/\/www.talentmanager.pt\/en\/#organization\",\"name\":\"Talent Manager\",\"url\":\"https:\/\/www.talentmanager.pt\/en\/\",\"logo\":{\"@type\":\"ImageObject\",\"inLanguage\":\"en-US\",\"@id\":\"https:\/\/www.talentmanager.pt\/en\/#\/schema\/logo\/image\/\",\"url\":\"https:\/\/www.talentmanager.pt\/wp-content\/uploads\/TalentManager@2x.png\",\"contentUrl\":\"https:\/\/www.talentmanager.pt\/wp-content\/uploads\/TalentManager@2x.png\",\"width\":320,\"height\":80,\"caption\":\"Talent Manager\"},\"image\":{\"@id\":\"https:\/\/www.talentmanager.pt\/en\/#\/schema\/logo\/image\/\"},\"sameAs\":[\"https:\/\/www.facebook.com\/ceciliomanagement\",\"https:\/\/www.linkedin.com\/in\/cecilioregojo\",\"https:\/\/www.youtube.com\/user\/managertal\"]}]}<\/script>\n<!-- \/ Yoast SEO plugin. -->","yoast_head_json":{"title":"International Team &#8226; Talent Manager | Systemic Management","description":"We have a network of experienced and international trainers, with the aim to offer comprehensive and quality training.","robots":{"index":"index","follow":"follow","max-snippet":"max-snippet:-1","max-image-preview":"max-image-preview:large","max-video-preview":"max-video-preview:-1"},"canonical":"https:\/\/www.talentmanager.pt\/en\/team\/","og_locale":"en_US","og_type":"article","og_title":"International Team &#8226; Talent Manager | Systemic Management","og_description":"We have a network of experienced and international trainers, with the aim to offer comprehensive and quality training.","og_url":"https:\/\/www.talentmanager.pt\/en\/team\/","og_site_name":"Talent Manager | Systemic Management","article_publisher":"https:\/\/www.facebook.com\/ceciliomanagement","article_modified_time":"2022-08-10T06:52:03+00:00","og_image":[{"url":"https:\/\/www.talentmanager.pt\/\/wp-content\/uploads\/CecilioRegojo.jpg","type":"","width":"","height":""}],"twitter_card":"summary_large_image","twitter_misc":{"Est. reading time":"15 minutes"},"schema":{"@context":"https:\/\/schema.org","@graph":[{"@type":"WebPage","@id":"https:\/\/www.talentmanager.pt\/en\/team\/","url":"https:\/\/www.talentmanager.pt\/en\/team\/","name":"International Team &#8226; Talent Manager | Systemic Management","isPartOf":{"@id":"https:\/\/www.talentmanager.pt\/en\/#website"},"primaryImageOfPage":{"@id":"https:\/\/www.talentmanager.pt\/en\/team\/#primaryimage"},"image":{"@id":"https:\/\/www.talentmanager.pt\/en\/team\/#primaryimage"},"thumbnailUrl":"https:\/\/www.talentmanager.pt\/\/wp-content\/uploads\/CecilioRegojo.jpg","datePublished":"2018-08-28T17:34:41+00:00","dateModified":"2022-08-10T06:52:03+00:00","description":"We have a network of experienced and international trainers, with the aim to offer comprehensive and quality training.","breadcrumb":{"@id":"https:\/\/www.talentmanager.pt\/en\/team\/#breadcrumb"},"inLanguage":"en-US","potentialAction":[{"@type":"ReadAction","target":["https:\/\/www.talentmanager.pt\/en\/team\/"]}]},{"@type":"ImageObject","inLanguage":"en-US","@id":"https:\/\/www.talentmanager.pt\/en\/team\/#primaryimage","url":"https:\/\/www.talentmanager.pt\/\/wp-content\/uploads\/CecilioRegojo.jpg","contentUrl":"https:\/\/www.talentmanager.pt\/\/wp-content\/uploads\/CecilioRegojo.jpg"},{"@type":"BreadcrumbList","@id":"https:\/\/www.talentmanager.pt\/en\/team\/#breadcrumb","itemListElement":[{"@type":"ListItem","position":1,"name":"Home","item":"https:\/\/www.talentmanager.pt\/en\/"},{"@type":"ListItem","position":2,"name":"Team"}]},{"@type":"WebSite","@id":"https:\/\/www.talentmanager.pt\/en\/#website","url":"https:\/\/www.talentmanager.pt\/en\/","name":"Talent Manager | Systemic Management","description":"Systemic Management | Organizational Constellations","publisher":{"@id":"https:\/\/www.talentmanager.pt\/en\/#organization"},"potentialAction":[{"@type":"SearchAction","target":{"@type":"EntryPoint","urlTemplate":"https:\/\/www.talentmanager.pt\/en\/?s={search_term_string}"},"query-input":{"@type":"PropertyValueSpecification","valueRequired":true,"valueName":"search_term_string"}}],"inLanguage":"en-US"},{"@type":"Organization","@id":"https:\/\/www.talentmanager.pt\/en\/#organization","name":"Talent Manager","url":"https:\/\/www.talentmanager.pt\/en\/","logo":{"@type":"ImageObject","inLanguage":"en-US","@id":"https:\/\/www.talentmanager.pt\/en\/#\/schema\/logo\/image\/","url":"https:\/\/www.talentmanager.pt\/wp-content\/uploads\/TalentManager@2x.png","contentUrl":"https:\/\/www.talentmanager.pt\/wp-content\/uploads\/TalentManager@2x.png","width":320,"height":80,"caption":"Talent Manager"},"image":{"@id":"https:\/\/www.talentmanager.pt\/en\/#\/schema\/logo\/image\/"},"sameAs":["https:\/\/www.facebook.com\/ceciliomanagement","https:\/\/www.linkedin.com\/in\/cecilioregojo","https:\/\/www.youtube.com\/user\/managertal"]}]}},"_links":{"self":[{"href":"https:\/\/www.talentmanager.pt\/en\/wp-json\/wp\/v2\/pages\/6005","targetHints":{"allow":["GET"]}}],"collection":[{"href":"https:\/\/www.talentmanager.pt\/en\/wp-json\/wp\/v2\/pages"}],"about":[{"href":"https:\/\/www.talentmanager.pt\/en\/wp-json\/wp\/v2\/types\/page"}],"author":[{"embeddable":true,"href":"https:\/\/www.talentmanager.pt\/en\/wp-json\/wp\/v2\/users\/1"}],"replies":[{"embeddable":true,"href":"https:\/\/www.talentmanager.pt\/en\/wp-json\/wp\/v2\/comments?post=6005"}],"version-history":[{"count":0,"href":"https:\/\/www.talentmanager.pt\/en\/wp-json\/wp\/v2\/pages\/6005\/revisions"}],"wp:attachment":[{"href":"https:\/\/www.talentmanager.pt\/en\/wp-json\/wp\/v2\/media?parent=6005"}],"curies":[{"name":"wp","href":"https:\/\/api.w.org\/{rel}","templated":true}]}}